{"id":17727,"date":"2026-08-27T21:35:22","date_gmt":"2026-08-27T20:35:22","guid":{"rendered":"https:\/\/nublo.tv\/?post_type=nublo_evento&#038;p=17727"},"modified":"2026-08-27T21:35:22","modified_gmt":"2026-08-27T20:35:22","slug":"inauguracion-de-la-exposicion-gaza-palestina","status":"publish","type":"nublo_evento","link":"https:\/\/nublo.tv\/index.php\/nublo_evento\/inauguracion-de-la-exposicion-gaza-palestina\/","title":{"rendered":"Inauguraci\u00f3n de la exposici\u00f3n &#8216;Gaza Palestina&#8217;"},"content":{"rendered":"<p><strong>La Sala S\u00e1bor de G\u00e1ldar acoger\u00e1 el pr\u00f3ximo 15 de septiembre, a las 08:00 horas, el acto de inauguraci\u00f3n de la exposici\u00f3n \u00abGaza Palestina\u00bb.<\/strong><\/p>\n<p>Esta muestra, organizada por el Ayuntamiento de G\u00e1ldar, marca la apertura oficial de la exhibici\u00f3n en el municipio, que podr\u00e1 ser visitada por el p\u00fablico a partir de su inauguraci\u00f3n.<\/p>\n","protected":false},"excerpt":{"rendered":"<p>La Sala S\u00e1bor de G\u00e1ldar acoger\u00e1 el pr\u00f3ximo 15 de septiembre, a las 08:00 horas, el acto de inauguraci\u00f3n de la exposici\u00f3n \u00abGaza Palestina\u00bb. Esta muestra, organizada por el Ayuntamiento de G\u00e1ldar, marca la apertura oficial de la exhibici\u00f3n en el municipio, que podr\u00e1 ser visitada por el p\u00fablico a partir de su inauguraci\u00f3n.<\/p>\n","protected":false},"featured_media":0,"template":"","class_list":["post-17727","nublo_evento","type-nublo_evento","status-publish","hentry"],"_links":{"self":[{"href":"https:\/\/nublo.tv\/index.php\/wp-json\/wp\/v2\/nublo_evento\/17727","targetHints":{"allow":["GET"]}}],"collection":[{"href":"https:\/\/nublo.tv\/index.php\/wp-json\/wp\/v2\/nublo_evento"}],"about":[{"href":"https:\/\/nublo.tv\/index.php\/wp-json\/wp\/v2\/types\/nublo_evento"}],"wp:attachment":[{"href":"https:\/\/nublo.tv\/index.php\/wp-json\/wp\/v2\/media?parent=17727"}],"curies":[{"name":"wp","href":"https:\/\/api.w.org\/{rel}","templated":true}]}}