{"id":17728,"date":"2026-08-27T21:35:22","date_gmt":"2026-08-27T20:35:22","guid":{"rendered":"https:\/\/nublo.tv\/?post_type=nublo_evento&#038;p=17728"},"modified":"2026-08-27T21:35:22","modified_gmt":"2026-08-27T20:35:22","slug":"jose-corbacho-y-david-fernandez-presentan-el-espectaculo-de-humor-david-y-jose-no-somos-estopa-en-galdar","status":"publish","type":"nublo_evento","link":"https:\/\/nublo.tv\/index.php\/nublo_evento\/jose-corbacho-y-david-fernandez-presentan-el-espectaculo-de-humor-david-y-jose-no-somos-estopa-en-galdar\/","title":{"rendered":"Jos\u00e9 Corbacho y David Fern\u00e1ndez presentan el espect\u00e1culo de humor \u2018David y Jos\u00e9, no somos Estopa\u2019 en G\u00e1ldar"},"content":{"rendered":"<p><strong>El Centro Cultural Guaires acoge el espect\u00e1culo de humor \u2018David y Jos\u00e9, no somos Estopa\u2019, protagonizado por Jos\u00e9 Corbacho y David Fern\u00e1ndez, el 12 de septiembre a las 19:00 horas.<\/strong><\/p>\n<p>Impulsada por la Concejal\u00eda de Cultura y Fiestas del Ayuntamiento de G\u00e1ldar, la funci\u00f3n re\u00fane en el escenario a dos artistas de extensa trayectoria. Tras coincidir en proyectos emblem\u00e1ticos como la compa\u00f1\u00eda La Cubana o programas de televisi\u00f3n como Buenafuente, Tu cara me suena y MasterChef, Corbacho y Fern\u00e1ndez se reencuentran para ofrecer una velada repleta de complicidad, recuerdos y situaciones absurdas.<\/p>\n<p>A trav\u00e9s del humor y la improvisaci\u00f3n, los c\u00f3micos repasan las vivencias m\u00e1s disparatadas de sus carreras en un show de aproximadamente 90 minutos. El t\u00edtulo sirve para aclarar, en clave humor\u00edstica, que no guardan ninguna relaci\u00f3n con el c\u00e9lebre d\u00fao musical de los hermanos Mu\u00f1oz. La funci\u00f3n est\u00e1 recomendada para mayores de 14 a\u00f1os y las entradas ya est\u00e1n a la venta en entradas.galdar.es.<\/p>\n","protected":false},"excerpt":{"rendered":"<p>El Centro Cultural Guaires acoge el espect\u00e1culo de humor \u2018David y Jos\u00e9, no somos Estopa\u2019, protagonizado por Jos\u00e9 Corbacho y David Fern\u00e1ndez, el 12 de septiembre a las 19:00 horas. Impulsada por la Concejal\u00eda de Cultura y Fiestas del Ayuntamiento de G\u00e1ldar, la funci\u00f3n re\u00fane en el escenario a dos artistas de extensa trayectoria. Tras [&hellip;]<\/p>\n","protected":false},"featured_media":0,"template":"","class_list":["post-17728","nublo_evento","type-nublo_evento","status-publish","hentry"],"_links":{"self":[{"href":"https:\/\/nublo.tv\/index.php\/wp-json\/wp\/v2\/nublo_evento\/17728","targetHints":{"allow":["GET"]}}],"collection":[{"href":"https:\/\/nublo.tv\/index.php\/wp-json\/wp\/v2\/nublo_evento"}],"about":[{"href":"https:\/\/nublo.tv\/index.php\/wp-json\/wp\/v2\/types\/nublo_evento"}],"wp:attachment":[{"href":"https:\/\/nublo.tv\/index.php\/wp-json\/wp\/v2\/media?parent=17728"}],"curies":[{"name":"wp","href":"https:\/\/api.w.org\/{rel}","templated":true}]}}