{"id":17730,"date":"2026-08-27T22:39:57","date_gmt":"2026-08-27T21:39:57","guid":{"rendered":"https:\/\/nublo.tv\/?post_type=nublo_evento&#038;p=17730"},"modified":"2026-08-27T22:39:57","modified_gmt":"2026-08-27T21:39:57","slug":"xiv-festival-internacional-de-cine-de-galdar-fic-galdar","status":"publish","type":"nublo_evento","link":"https:\/\/nublo.tv\/index.php\/nublo_evento\/xiv-festival-internacional-de-cine-de-galdar-fic-galdar\/","title":{"rendered":"XIV Festival Internacional de Cine de G\u00e1ldar (FIC G\u00e1ldar)"},"content":{"rendered":"<p><strong>El XIV Festival Internacional de Cine de G\u00e1ldar (FIC G\u00e1ldar) llega el 17 de octubre de 2026 a las 20:00 horas al municipio de G\u00e1ldar.<\/strong><\/p>\n<p>Este evento cinematogr\u00e1fico, organizado por el Ayuntamiento de G\u00e1ldar, re\u00fane lo mejor del cine internacional en una cita cultural imprescindible para los amantes del s\u00e9ptimo arte.<\/p>\n<p>No te pierdas esta oportunidad de disfrutar de proyecciones, encuentros y actividades relacionadas con el mundo del cine en un ambiente \u00fanico.<\/p>\n","protected":false},"excerpt":{"rendered":"<p>El XIV Festival Internacional de Cine de G\u00e1ldar (FIC G\u00e1ldar) llega el 17 de octubre de 2026 a las 20:00 horas al municipio de G\u00e1ldar. Este evento cinematogr\u00e1fico, organizado por el Ayuntamiento de G\u00e1ldar, re\u00fane lo mejor del cine internacional en una cita cultural imprescindible para los amantes del s\u00e9ptimo arte. No te pierdas esta [&hellip;]<\/p>\n","protected":false},"featured_media":0,"template":"","class_list":["post-17730","nublo_evento","type-nublo_evento","status-publish","hentry"],"_links":{"self":[{"href":"https:\/\/nublo.tv\/index.php\/wp-json\/wp\/v2\/nublo_evento\/17730","targetHints":{"allow":["GET"]}}],"collection":[{"href":"https:\/\/nublo.tv\/index.php\/wp-json\/wp\/v2\/nublo_evento"}],"about":[{"href":"https:\/\/nublo.tv\/index.php\/wp-json\/wp\/v2\/types\/nublo_evento"}],"wp:attachment":[{"href":"https:\/\/nublo.tv\/index.php\/wp-json\/wp\/v2\/media?parent=17730"}],"curies":[{"name":"wp","href":"https:\/\/api.w.org\/{rel}","templated":true}]}}