{"id":17740,"date":"2026-08-27T22:39:57","date_gmt":"2026-08-27T21:39:57","guid":{"rendered":"https:\/\/nublo.tv\/?post_type=nublo_evento&#038;p=17740"},"modified":"2026-08-27T22:39:57","modified_gmt":"2026-08-27T21:39:57","slug":"inauguracion-de-las-i-jornadas-de-prevencion-en-sexualidad-en-el-centro-cultural-guaires","status":"publish","type":"nublo_evento","link":"https:\/\/nublo.tv\/index.php\/nublo_evento\/inauguracion-de-las-i-jornadas-de-prevencion-en-sexualidad-en-el-centro-cultural-guaires\/","title":{"rendered":"Inauguraci\u00f3n de las I Jornadas de Prevenci\u00f3n en Sexualidad en el Centro Cultural Guaires"},"content":{"rendered":"<p><strong>El jueves 1 de octubre de 2026 a las 15:00 horas, el Centro Cultural Guaires acoger\u00e1 la apertura de las I Jornadas de Prevenci\u00f3n en Sexualidad, bajo el lema \u00abLa escuela como espacio de prevenci\u00f3n, educaci\u00f3n afectiva sexual desde la infancia\u00bb.<\/strong><\/p>\n<p>El acto inaugural contar\u00e1 con la presencia de autoridades como el consejero de Educaci\u00f3n, Formaci\u00f3n Profesional, Actividad F\u00edsica y Deporte, Hip\u00f3lito Su\u00e1rez Nuez; la consejera de Sanidad, Esther Mar\u00eda Monz\u00f3n Monz\u00f3n, y el director general de Salud Mental y Adicciones, Fernando G\u00f3mez-Pamo Guerra del R\u00edo.<\/p>\n<p>La entrada ser\u00e1 por invitaci\u00f3n.<\/p>\n","protected":false},"excerpt":{"rendered":"<p>El jueves 1 de octubre de 2026 a las 15:00 horas, el Centro Cultural Guaires acoger\u00e1 la apertura de las I Jornadas de Prevenci\u00f3n en Sexualidad, bajo el lema \u00abLa escuela como espacio de prevenci\u00f3n, educaci\u00f3n afectiva sexual desde la infancia\u00bb. El acto inaugural contar\u00e1 con la presencia de autoridades como el consejero de Educaci\u00f3n, [&hellip;]<\/p>\n","protected":false},"featured_media":0,"template":"","class_list":["post-17740","nublo_evento","type-nublo_evento","status-publish","hentry"],"_links":{"self":[{"href":"https:\/\/nublo.tv\/index.php\/wp-json\/wp\/v2\/nublo_evento\/17740","targetHints":{"allow":["GET"]}}],"collection":[{"href":"https:\/\/nublo.tv\/index.php\/wp-json\/wp\/v2\/nublo_evento"}],"about":[{"href":"https:\/\/nublo.tv\/index.php\/wp-json\/wp\/v2\/types\/nublo_evento"}],"wp:attachment":[{"href":"https:\/\/nublo.tv\/index.php\/wp-json\/wp\/v2\/media?parent=17740"}],"curies":[{"name":"wp","href":"https:\/\/api.w.org\/{rel}","templated":true}]}}