{"id":17743,"date":"2026-08-27T22:39:57","date_gmt":"2026-08-27T21:39:57","guid":{"rendered":"https:\/\/nublo.tv\/?post_type=nublo_evento&#038;p=17743"},"modified":"2026-08-27T22:39:57","modified_gmt":"2026-08-27T21:39:57","slug":"reunion-de-la-comision-informativa-de-gobernacion-en-galdar","status":"publish","type":"nublo_evento","link":"https:\/\/nublo.tv\/index.php\/nublo_evento\/reunion-de-la-comision-informativa-de-gobernacion-en-galdar\/","title":{"rendered":"Reuni\u00f3n de la Comisi\u00f3n Informativa de Gobernaci\u00f3n en G\u00e1ldar"},"content":{"rendered":"<p><strong>El Ayuntamiento de G\u00e1ldar celebra una reuni\u00f3n de la Comisi\u00f3n Informativa de Gobernaci\u00f3n el lunes 21 de junio de 2027 a las 9:00 horas en el municipio.<\/strong><\/p>\n<p>Este encuentro forma parte de los trabajos ordinarios del consistorio para abordar asuntos relacionados con la gobernaci\u00f3n municipal.<\/p>\n<p>La sesi\u00f3n est\u00e1 organizada por el Ayuntamiento de G\u00e1ldar y est\u00e1 dirigida a los miembros de la comisi\u00f3n y al p\u00fablico interesado en asistir.<\/p>\n","protected":false},"excerpt":{"rendered":"<p>El Ayuntamiento de G\u00e1ldar celebra una reuni\u00f3n de la Comisi\u00f3n Informativa de Gobernaci\u00f3n el lunes 21 de junio de 2027 a las 9:00 horas en el municipio. Este encuentro forma parte de los trabajos ordinarios del consistorio para abordar asuntos relacionados con la gobernaci\u00f3n municipal. La sesi\u00f3n est\u00e1 organizada por el Ayuntamiento de G\u00e1ldar y [&hellip;]<\/p>\n","protected":false},"featured_media":0,"template":"","class_list":["post-17743","nublo_evento","type-nublo_evento","status-publish","hentry"],"_links":{"self":[{"href":"https:\/\/nublo.tv\/index.php\/wp-json\/wp\/v2\/nublo_evento\/17743","targetHints":{"allow":["GET"]}}],"collection":[{"href":"https:\/\/nublo.tv\/index.php\/wp-json\/wp\/v2\/nublo_evento"}],"about":[{"href":"https:\/\/nublo.tv\/index.php\/wp-json\/wp\/v2\/types\/nublo_evento"}],"wp:attachment":[{"href":"https:\/\/nublo.tv\/index.php\/wp-json\/wp\/v2\/media?parent=17743"}],"curies":[{"name":"wp","href":"https:\/\/api.w.org\/{rel}","templated":true}]}}