{"id":17756,"date":"2026-08-27T22:39:57","date_gmt":"2026-08-27T21:39:57","guid":{"rendered":"https:\/\/nublo.tv\/?post_type=nublo_evento&#038;p=17756"},"modified":"2026-08-27T22:39:57","modified_gmt":"2026-08-27T21:39:57","slug":"jornadas-para-personas-mayores-en-galdar","status":"publish","type":"nublo_evento","link":"https:\/\/nublo.tv\/index.php\/nublo_evento\/jornadas-para-personas-mayores-en-galdar\/","title":{"rendered":"Jornadas para personas mayores en G\u00e1ldar"},"content":{"rendered":"<p><strong>El municipio de G\u00e1ldar acoge el 2 de octubre a partir de las 9:00 horas unas jornadas dedicadas a las personas mayores.<\/strong><\/p>\n<p>El evento, organizado por el Ayuntamiento de G\u00e1ldar, incluye actividades pensadas para este colectivo.<\/p>\n<p>La cita tendr\u00e1 lugar en diferentes espacios del municipio, con propuestas que buscan fomentar la participaci\u00f3n y el bienestar de los asistentes.<\/p>\n","protected":false},"excerpt":{"rendered":"<p>El municipio de G\u00e1ldar acoge el 2 de octubre a partir de las 9:00 horas unas jornadas dedicadas a las personas mayores. El evento, organizado por el Ayuntamiento de G\u00e1ldar, incluye actividades pensadas para este colectivo. La cita tendr\u00e1 lugar en diferentes espacios del municipio, con propuestas que buscan fomentar la participaci\u00f3n y el bienestar [&hellip;]<\/p>\n","protected":false},"featured_media":0,"template":"","class_list":["post-17756","nublo_evento","type-nublo_evento","status-publish","hentry"],"_links":{"self":[{"href":"https:\/\/nublo.tv\/index.php\/wp-json\/wp\/v2\/nublo_evento\/17756","targetHints":{"allow":["GET"]}}],"collection":[{"href":"https:\/\/nublo.tv\/index.php\/wp-json\/wp\/v2\/nublo_evento"}],"about":[{"href":"https:\/\/nublo.tv\/index.php\/wp-json\/wp\/v2\/types\/nublo_evento"}],"wp:attachment":[{"href":"https:\/\/nublo.tv\/index.php\/wp-json\/wp\/v2\/media?parent=17756"}],"curies":[{"name":"wp","href":"https:\/\/api.w.org\/{rel}","templated":true}]}}