{"id":17757,"date":"2026-08-27T21:35:22","date_gmt":"2026-08-27T20:35:22","guid":{"rendered":"https:\/\/nublo.tv\/?post_type=nublo_evento&#038;p=17757"},"modified":"2026-08-27T21:35:22","modified_gmt":"2026-08-27T20:35:22","slug":"entrega-de-premios-de-la-xii-edicion-del-fotosub-sardina","status":"publish","type":"nublo_evento","link":"https:\/\/nublo.tv\/index.php\/nublo_evento\/entrega-de-premios-de-la-xii-edicion-del-fotosub-sardina\/","title":{"rendered":"Entrega de premios de la XII edici\u00f3n del FotoSub Sardina"},"content":{"rendered":"<p><strong>El Teatro Consistorial de G\u00e1ldar acoger\u00e1 el domingo 4 de octubre de 2026, a las 11:00 horas, el acto de entrega de premios de la XII edici\u00f3n del FotoSub Sardina.<\/strong><\/p>\n<p>Este certamen de fotograf\u00eda submarina, impulsado por la Concejal\u00eda de Turismo de G\u00e1ldar en colaboraci\u00f3n con la Concejal\u00eda de Desarrollo Socioecon\u00f3mico y Turismo de Gran Canaria, re\u00fane a competidores que se sumergen en la bah\u00eda de Sardina para capturar su biodiversidad marina. Las inscripciones se encuentran abiertas en la web www.fotosubsardina2026.com.<\/p>\n<p>El certamen, bajo la supervisi\u00f3n t\u00e9cnica de Pedro Almeida, reparte premios en diversas categor\u00edas: el CazaFotoSub de fotograf\u00eda en apnea, el Open Fotosub por parejas y el Reels Challenge de v\u00eddeos cortos verticales. La programaci\u00f3n incluye tambi\u00e9n bautismos de buceo previa inscripci\u00f3n y la modalidad de FotoSub escolar.<\/p>\n","protected":false},"excerpt":{"rendered":"<p>El Teatro Consistorial de G\u00e1ldar acoger\u00e1 el domingo 4 de octubre de 2026, a las 11:00 horas, el acto de entrega de premios de la XII edici\u00f3n del FotoSub Sardina. Este certamen de fotograf\u00eda submarina, impulsado por la Concejal\u00eda de Turismo de G\u00e1ldar en colaboraci\u00f3n con la Concejal\u00eda de Desarrollo Socioecon\u00f3mico y Turismo de Gran [&hellip;]<\/p>\n","protected":false},"featured_media":0,"template":"","class_list":["post-17757","nublo_evento","type-nublo_evento","status-publish","hentry"],"_links":{"self":[{"href":"https:\/\/nublo.tv\/index.php\/wp-json\/wp\/v2\/nublo_evento\/17757","targetHints":{"allow":["GET"]}}],"collection":[{"href":"https:\/\/nublo.tv\/index.php\/wp-json\/wp\/v2\/nublo_evento"}],"about":[{"href":"https:\/\/nublo.tv\/index.php\/wp-json\/wp\/v2\/types\/nublo_evento"}],"wp:attachment":[{"href":"https:\/\/nublo.tv\/index.php\/wp-json\/wp\/v2\/media?parent=17757"}],"curies":[{"name":"wp","href":"https:\/\/api.w.org\/{rel}","templated":true}]}}