{"id":17766,"date":"2026-08-27T23:39:00","date_gmt":"2026-08-27T22:39:00","guid":{"rendered":"https:\/\/nublo.tv\/?post_type=nublo_evento&#038;p=17766"},"modified":"2026-08-27T23:39:00","modified_gmt":"2026-08-27T22:39:00","slug":"jornada-de-los-clubes-de-mayores-de-galdar-en-la-finca-el-mocanal","status":"publish","type":"nublo_evento","link":"https:\/\/nublo.tv\/index.php\/nublo_evento\/jornada-de-los-clubes-de-mayores-de-galdar-en-la-finca-el-mocanal\/","title":{"rendered":"Jornada de los Clubes de Mayores de G\u00e1ldar en la Finca El Mocanal"},"content":{"rendered":"<p><strong>Los Clubes de Mayores de G\u00e1ldar y Sardina visitan la Finca El Mocanal el 23 de septiembre de 2026 en Santa Br\u00edgida.<\/strong><\/p>\n<p>La Concejal\u00eda de Clubes de Mayores del Ayuntamiento de G\u00e1ldar organiza esta actividad para que sus usuarios conozcan el municipio de Santa Br\u00edgida y disfruten de una jornada en la finca.<\/p>\n","protected":false},"excerpt":{"rendered":"<p>Los Clubes de Mayores de G\u00e1ldar y Sardina visitan la Finca El Mocanal el 23 de septiembre de 2026 en Santa Br\u00edgida. La Concejal\u00eda de Clubes de Mayores del Ayuntamiento de G\u00e1ldar organiza esta actividad para que sus usuarios conozcan el municipio de Santa Br\u00edgida y disfruten de una jornada en la finca.<\/p>\n","protected":false},"featured_media":0,"template":"","class_list":["post-17766","nublo_evento","type-nublo_evento","status-publish","hentry"],"_links":{"self":[{"href":"https:\/\/nublo.tv\/index.php\/wp-json\/wp\/v2\/nublo_evento\/17766","targetHints":{"allow":["GET"]}}],"collection":[{"href":"https:\/\/nublo.tv\/index.php\/wp-json\/wp\/v2\/nublo_evento"}],"about":[{"href":"https:\/\/nublo.tv\/index.php\/wp-json\/wp\/v2\/types\/nublo_evento"}],"wp:attachment":[{"href":"https:\/\/nublo.tv\/index.php\/wp-json\/wp\/v2\/media?parent=17766"}],"curies":[{"name":"wp","href":"https:\/\/api.w.org\/{rel}","templated":true}]}}