{"id":18778,"date":"2026-09-01T17:23:59","date_gmt":"2026-09-01T16:23:59","guid":{"rendered":"https:\/\/nublo.tv\/?post_type=nublo_evento&#038;p=18778"},"modified":"2026-09-01T17:23:59","modified_gmt":"2026-09-01T16:23:59","slug":"pregon-de-la-fiesta-del-pino-2026-en-teror","status":"publish","type":"nublo_evento","link":"https:\/\/nublo.tv\/index.php\/nublo_evento\/pregon-de-la-fiesta-del-pino-2026-en-teror\/","title":{"rendered":"Preg\u00f3n de la Fiesta del Pino 2026 en Teror"},"content":{"rendered":"<p><strong>El Dr. Luis Pe\u00f1a pregonar\u00e1 la Fiesta del Pino 2026 el 7 de septiembre en Teror, bajo el t\u00edtulo \u00abLas ra\u00edces que nunca se pierden\u00bb.<\/strong><\/p>\n<p>El acto, que se celebrar\u00e1 en la Plaza del Pino, contar\u00e1 con la intervenci\u00f3n del 79\u00ba pregonero de la Fiesta Mayor de Gran Canaria.<\/p>\n","protected":false},"excerpt":{"rendered":"<p>El Dr. Luis Pe\u00f1a pregonar\u00e1 la Fiesta del Pino 2026 el 7 de septiembre en Teror, bajo el t\u00edtulo \u00abLas ra\u00edces que nunca se pierden\u00bb. El acto, que se celebrar\u00e1 en la Plaza del Pino, contar\u00e1 con la intervenci\u00f3n del 79\u00ba pregonero de la Fiesta Mayor de Gran Canaria.<\/p>\n","protected":false},"featured_media":0,"template":"","class_list":["post-18778","nublo_evento","type-nublo_evento","status-publish","hentry"],"_links":{"self":[{"href":"https:\/\/nublo.tv\/index.php\/wp-json\/wp\/v2\/nublo_evento\/18778","targetHints":{"allow":["GET"]}}],"collection":[{"href":"https:\/\/nublo.tv\/index.php\/wp-json\/wp\/v2\/nublo_evento"}],"about":[{"href":"https:\/\/nublo.tv\/index.php\/wp-json\/wp\/v2\/types\/nublo_evento"}],"wp:attachment":[{"href":"https:\/\/nublo.tv\/index.php\/wp-json\/wp\/v2\/media?parent=18778"}],"curies":[{"name":"wp","href":"https:\/\/api.w.org\/{rel}","templated":true}]}}