{"id":5181,"date":"2026-08-24T15:39:25","date_gmt":"2026-08-24T14:39:25","guid":{"rendered":"https:\/\/nublo.tv\/?page_id=5181"},"modified":"2026-08-24T15:50:49","modified_gmt":"2026-08-24T14:50:49","slug":"opinion","status":"publish","type":"page","link":"https:\/\/nublo.tv\/index.php\/opinion\/","title":{"rendered":"Opini\u00f3n Mois\u00e9s"},"content":{"rendered":"        <div class=\"nublo-editor-articulos\" style=\"max-width:900px; margin:0 auto;\">\n                                    <div class=\"nublo-editor-articulos-header\" style=\"display:flex; align-items:center; gap:28px; flex-wrap:wrap; background:linear-gradient(135deg,#275dd3,#3f75eb); border-radius:16px; padding:36px 32px; margin-bottom:32px; color:#fff;\">\n                <img decoding=\"async\" src=\"http:\/\/nublo.tv\/wp-content\/uploads\/2026\/08\/Moises-300x300.jpg\" alt=\"Mois\u00e9s Aday Rodr\u00edguez Guti\u00e9rrez\" style=\"width:140px; height:140px; border-radius:50%; object-fit:cover; border:4px solid #e50914; box-shadow:0 6px 20px rgba(0,0,0,.35); flex-shrink:0;\" \/>\n                <div style=\"flex:1; min-width:240px;\">\n                    <div style=\"font-size:11px; text-transform:uppercase; letter-spacing:.08em; color:#e50914; font-weight:800; margin-bottom:10px;\">\u270d\ufe0f Espacio de Opini\u00f3n<\/div>\n                    <p style=\"margin:0 0 10px; font-size:1.05rem; font-style:italic; color:#ccc; line-height:1.4;\">\"Mois\u00e9s Aday Rodr\u00edguez Guti\u00e9rrez\"<\/p>                    <h1 style=\"margin:0 0 6px; font-size:2rem; font-weight:800; line-height:1.15;\">Desde mi ventana. Por Mois\u00e9s Aday Rodr\u00edguez Guti\u00e9rrez<\/h1>\n                    <p style=\"margin:0; color:#aaa; font-size:.95rem;\">Por <strong style=\"color:#fff;\">Mois\u00e9s Aday Rodr\u00edguez Guti\u00e9rrez<\/strong><\/p>                                    <\/div>\n            <\/div>\n            \n                                                                        <div style=\"display:flex; gap:16px; border-bottom:1px solid #e2e4e7; padding:16px 0;\">\n                                                            <a href=\"https:\/\/nublo.tv\/index.php\/2026\/09\/04\/teodoro-sosa-recibe-el-amagro-de-oro-mientras-se-plantea-dedicarle-una-calle-en-la-montana\/\" style=\"flex-shrink:0;\"><img loading=\"lazy\" decoding=\"async\" width=\"150\" height=\"150\" src=\"https:\/\/nublo.tv\/wp-content\/uploads\/2026\/09\/WhatsApp-Image-2026-09-04-at-22.30.28-150x150.jpeg\" class=\"attachment-thumbnail size-thumbnail wp-post-image\" alt=\"\" style=\"width:110px; height:80px; object-fit:cover; border-radius:6px; display:block;\" \/><\/a>\n                                                        <div style=\"min-width:0;\">\n                                <h3 style=\"margin:0 0 6px;\"><a href=\"https:\/\/nublo.tv\/index.php\/2026\/09\/04\/teodoro-sosa-recibe-el-amagro-de-oro-mientras-se-plantea-dedicarle-una-calle-en-la-montana\/\">Teodoro Sosa recibe el Amagro de Oro mientras se plantea dedicarle una calle en La Monta\u00f1a<\/a><\/h3>\n                                <p style=\"margin:0 0 6px; color:#767f89; font-size:.85rem;\">04\/09\/2026<\/p>\n                                <p style=\"margin:0;\">La Asociaci\u00f3n de Vecinos \u201cAmagro\u201d crea este nuevo reconocimiento con vocaci\u00f3n de continuidad para distinguir a personas, colectivos y entidades vinculadas al desarrollo y la identidad de Barrial La plaza de Barrial acogi\u00f3 la entrega del primer Amagro de Oro, un nuevo reconocimiento creado por la Asociaci\u00f3n de Vecinos \u201cAmagro\u201d para distinguir a personas, colectivos [&hellip;]<\/p>\n                            <\/div>\n                        <\/div>\n                                            <div style=\"display:flex; gap:16px; border-bottom:1px solid #e2e4e7; padding:16px 0;\">\n                                                            <a href=\"https:\/\/nublo.tv\/index.php\/2026\/09\/03\/la-retreta-y-rosario-8-pondran-este-sabado-el-broche-a-la-ultima-gran-noche-de-las-fiestas-de-barrial\/\" style=\"flex-shrink:0;\"><img loading=\"lazy\" decoding=\"async\" width=\"150\" height=\"150\" src=\"https:\/\/nublo.tv\/wp-content\/uploads\/2026\/09\/WhatsApp-Image-2026-08-31-at-20.38.08-1-150x150.jpeg\" class=\"attachment-thumbnail size-thumbnail wp-post-image\" alt=\"\" style=\"width:110px; height:80px; object-fit:cover; border-radius:6px; display:block;\" \/><\/a>\n                                                        <div style=\"min-width:0;\">\n                                <h3 style=\"margin:0 0 6px;\"><a href=\"https:\/\/nublo.tv\/index.php\/2026\/09\/03\/la-retreta-y-rosario-8-pondran-este-sabado-el-broche-a-la-ultima-gran-noche-de-las-fiestas-de-barrial\/\">La retreta y Rosario 8 pondr\u00e1n este s\u00e1bado el broche a la \u00faltima gran noche de las fiestas de Barrial<\/a><\/h3>\n                                <p style=\"margin:0 0 6px; color:#767f89; font-size:.85rem;\">03\/09\/2026<\/p>\n                                <p style=\"margin:0;\">Las charangas Vitamina Band y Guiniguada acompa\u00f1ar\u00e1n la tradicional retreta, que dar\u00e1 paso al concierto de Rosario 8 en la Plaza Jos\u00e9 Rodr\u00edguez Quintana Las fiestas en honor a Nuestra Se\u00f1ora de los Desamparados de Barrial afrontan este s\u00e1bado, 5 de septiembre, su \u00faltima gran noche con una programaci\u00f3n que volver\u00e1 a combinar tradici\u00f3n, m\u00fasica [&hellip;]<\/p>\n                            <\/div>\n                        <\/div>\n                                            <div style=\"display:flex; gap:16px; border-bottom:1px solid #e2e4e7; padding:16px 0;\">\n                                                            <a href=\"https:\/\/nublo.tv\/index.php\/2026\/09\/03\/te-tendremos-en-cuenta-para-cuando-salga-algo-de-lo-tuyo\/\" style=\"flex-shrink:0;\"><img loading=\"lazy\" decoding=\"async\" width=\"150\" height=\"150\" src=\"https:\/\/nublo.tv\/wp-content\/uploads\/2026\/09\/494397115_10238401642118790_9079643692335919946_n-e1788257481930-150x150.jpg\" class=\"attachment-thumbnail size-thumbnail wp-post-image\" alt=\"\" style=\"width:110px; height:80px; object-fit:cover; border-radius:6px; display:block;\" \/><\/a>\n                                                        <div style=\"min-width:0;\">\n                                <h3 style=\"margin:0 0 6px;\"><a href=\"https:\/\/nublo.tv\/index.php\/2026\/09\/03\/te-tendremos-en-cuenta-para-cuando-salga-algo-de-lo-tuyo\/\">Te tendremos en cuenta para cuando salga algo de lo tuyo<\/a><\/h3>\n                                <p style=\"margin:0 0 6px; color:#767f89; font-size:.85rem;\">03\/09\/2026<\/p>\n                                <p style=\"margin:0;\">Las entrevistas de trabajo se han convertido en algo bastante rocambolesco. Uno encuentra una oferta, la lee, comprueba que el puesto se ajusta a su experiencia, considera que puede aportar y presenta su candidatura. No lo hace por probar suerte a ver qu\u00e9 cae, sino porque existe un inter\u00e9s concreto por ese puesto y por [&hellip;]<\/p>\n                            <\/div>\n                        <\/div>\n                                            <div style=\"display:flex; gap:16px; border-bottom:1px solid #e2e4e7; padding:16px 0;\">\n                                                            <a href=\"https:\/\/nublo.tv\/index.php\/2026\/09\/01\/pensar-diferente-no-deberia-tener-precio\/\" style=\"flex-shrink:0;\"><img loading=\"lazy\" decoding=\"async\" width=\"150\" height=\"150\" src=\"https:\/\/nublo.tv\/wp-content\/uploads\/2026\/09\/494397115_10238401642118790_9079643692335919946_n-e1788257481930-150x150.jpg\" class=\"attachment-thumbnail size-thumbnail wp-post-image\" alt=\"\" style=\"width:110px; height:80px; object-fit:cover; border-radius:6px; display:block;\" \/><\/a>\n                                                        <div style=\"min-width:0;\">\n                                <h3 style=\"margin:0 0 6px;\"><a href=\"https:\/\/nublo.tv\/index.php\/2026\/09\/01\/pensar-diferente-no-deberia-tener-precio\/\">Pensar diferente no deber\u00eda tener precio<\/a><\/h3>\n                                <p style=\"margin:0 0 6px; color:#767f89; font-size:.85rem;\">01\/09\/2026<\/p>\n                                <p style=\"margin:0;\">El otro d\u00eda, un conocido me dijo: \u201cChacho, est\u00e1s loco, \u00bfc\u00f3mo escribes ciertas cosas? Te van a cortar la cabeza\u201d. Me qued\u00e9 pensando en aquella frase y mi respuesta fue hacerle unas preguntas muy sencillas: \u00bfle he faltado el respeto a alguien?, \u00bfhe dicho barbaridades?, \u00bfde todo lo que has le\u00eddo est\u00e1s de acuerdo con [&hellip;]<\/p>\n                            <\/div>\n                        <\/div>\n                                            <div style=\"display:flex; gap:16px; border-bottom:1px solid #e2e4e7; padding:16px 0;\">\n                                                            <a href=\"https:\/\/nublo.tv\/index.php\/2026\/08\/24\/la-identidad-canaria-y-el-folclore-no-necesita-embajadores-de-carton\/\" style=\"flex-shrink:0;\"><img loading=\"lazy\" decoding=\"async\" width=\"150\" height=\"150\" src=\"https:\/\/nublo.tv\/wp-content\/uploads\/2026\/08\/783857069_122268516332153369_5213639741754932271_n-150x150.jpg\" class=\"attachment-thumbnail size-thumbnail wp-post-image\" alt=\"\" style=\"width:110px; height:80px; object-fit:cover; border-radius:6px; display:block;\" \/><\/a>\n                                                        <div style=\"min-width:0;\">\n                                <h3 style=\"margin:0 0 6px;\"><a href=\"https:\/\/nublo.tv\/index.php\/2026\/08\/24\/la-identidad-canaria-y-el-folclore-no-necesita-embajadores-de-carton\/\">La identidad canaria y el folclore no necesita embajadores de cart\u00f3n.<\/a><\/h3>\n                                <p style=\"margin:0 0 6px; color:#767f89; font-size:.85rem;\">24\/08\/2026<\/p>\n                                <p style=\"margin:0;\">El folclore puede abrir sus puertas a quienes llegan desde fuera, pero acercarse a nuestras tradiciones exige algo mucho m\u00e1s importante que una estame\u00f1a, una romer\u00eda o dos canciones: respeto. Quiz\u00e1s durante demasiado tiempo hemos pensado que para acercarse a nuestras tradiciones hab\u00eda que cumplir determinados requisitos, como si el folclore fuera de un territorio [&hellip;]<\/p>\n                            <\/div>\n                        <\/div>\n                                                        <\/div>\n        \n","protected":false},"excerpt":{"rendered":"","protected":false},"author":1,"featured_media":0,"parent":0,"menu_order":0,"comment_status":"closed","ping_status":"closed","template":"","meta":{"wpai_generated_summary":"","wpai_meta_description":"","footnotes":""},"class_list":["post-5181","page","type-page","status-publish","hentry"],"_links":{"self":[{"href":"https:\/\/nublo.tv\/index.php\/wp-json\/wp\/v2\/pages\/5181","targetHints":{"allow":["GET"]}}],"collection":[{"href":"https:\/\/nublo.tv\/index.php\/wp-json\/wp\/v2\/pages"}],"about":[{"href":"https:\/\/nublo.tv\/index.php\/wp-json\/wp\/v2\/types\/page"}],"author":[{"embeddable":true,"href":"https:\/\/nublo.tv\/index.php\/wp-json\/wp\/v2\/users\/1"}],"replies":[{"embeddable":true,"href":"https:\/\/nublo.tv\/index.php\/wp-json\/wp\/v2\/comments?post=5181"}],"version-history":[{"count":3,"href":"https:\/\/nublo.tv\/index.php\/wp-json\/wp\/v2\/pages\/5181\/revisions"}],"predecessor-version":[{"id":5185,"href":"https:\/\/nublo.tv\/index.php\/wp-json\/wp\/v2\/pages\/5181\/revisions\/5185"}],"wp:attachment":[{"href":"https:\/\/nublo.tv\/index.php\/wp-json\/wp\/v2\/media?parent=5181"}],"curies":[{"name":"wp","href":"https:\/\/api.w.org\/{rel}","templated":true}]}}